{"id":1305,"date":"2023-02-06T17:37:49","date_gmt":"2023-02-06T16:37:49","guid":{"rendered":"https:\/\/www.viajeroscanallas.es\/?page_id=1305"},"modified":"2025-12-06T09:42:45","modified_gmt":"2025-12-06T08:42:45","slug":"camino-de-santiago-portuguese-along-the-coast","status":"publish","type":"page","link":"https:\/\/www.viajeroscanallas.es\/en\/camino-portugues-por-la-costa\/","title":{"rendered":"Portuguese Way along the Coast"},"content":{"rendered":"<div class=\"wpb-content-wrapper\"><div data-vc-full-width=\"true\" data-vc-full-width-temp=\"true\" data-vc-full-width-init=\"false\" class=\"vc_row wpb_row vc_row-fluid tag vc_row-o-content-top vc_row-flex\"><div class=\"wpb_column vc_column_container vc_col-sm-6\"><div class=\"vc_column-inner\"><div class=\"wpb_wrapper\">\n\t<div class=\"wpb_text_column wpb_content_element \" >\n\t\t<div class=\"wpb_wrapper\">\n\t\t\t<h2 class=\"titulo1\">Camino de Santiago Portugu\u00e9s por la Costa<\/h2>\n<h3 class=\"titulo2\">El Camino Portugu\u00e9s por la Costa desde Baiona es una de las rutas m\u00e1s pintorescas y bonitas del Camino de Santiago, ya que combina la belleza de sus bosques, aldeas y ciudades con la inmensidad del mar y sus paisajes costeros.<\/h3>\n<p>Arrancaremos la aventura en la espectacular poblaci\u00f3n de Baiona, una villa medieval a la orilla del mar. Desde Viajeros Canallas te recomendamos que vayas con tiempo, as\u00ed podr\u00e1s visitarla sin prisa, perderte por sus calles y disfrutar de sus rincones y playas.<\/p>\n<p>Unir Camino de Santiago y R\u00edas Baixas es hablar de poblaciones hist\u00f3ricas como Vigo, Pontevedra, Padr\u00f3n y la antes mencionada Baiona, es hablar de Albari\u00f1o y de gastronom\u00eda popular.<\/p>\n<p>El Camino de Santiago Portugu\u00e9s por la Costa en grupo es una experiencia \u00fanica para conocer a nuevos peregrinos y disfrutar de tus compa\u00f1eros y compa\u00f1eras de viaje.<\/p>\n<p>En Viajeros Canallas organizamos el Camino Portugu\u00e9s por la Costa desde Baiona, donde recorrer\u00e1s 124kms en 6 etapas, lo cual te dar\u00e1 derecho a obtener tu Compostela y disfrutar del maravilloso ambiente de Santiago.<\/p>\n\n\t\t<\/div>\n\t<\/div>\n<style type=\"text\/css\" data-type=\"the7_shortcodes-inline-css\">.gallery-carousel-shortcode.gallery-carousel-shortcode-id-1f30da3ce9fdef632a86c6d0517ad83f.owl-carousel .owl-nav div {\n  width: 36px;\n  height: 36px;\n  border-radius: 500px;\n}\n.dt-arrow-border-on.gallery-carousel-shortcode.gallery-carousel-shortcode-id-1f30da3ce9fdef632a86c6d0517ad83f.owl-carousel .owl-nav div:not(:hover):before {\n  border-width: 0px;\n}\n.dt-arrow-hover-border-on.gallery-carousel-shortcode.gallery-carousel-shortcode-id-1f30da3ce9fdef632a86c6d0517ad83f.owl-carousel .owl-nav div:hover:after {\n  border-width: 0px;\n}\n.gallery-carousel-shortcode.gallery-carousel-shortcode-id-1f30da3ce9fdef632a86c6d0517ad83f.owl-carousel .owl-nav div.owl-prev {\n  top: 50%;\n  transform: translateY(calc(-50% + 0px));\n  left: -43px;\n}\n@media all and (-ms-high-contrast: none) {\n  .gallery-carousel-shortcode.gallery-carousel-shortcode-id-1f30da3ce9fdef632a86c6d0517ad83f.owl-carousel .owl-nav div.owl-prev {\n    transform: translateY(-50%);\n    margin-top: 0px;\n  }\n}\n.gallery-carousel-shortcode.gallery-carousel-shortcode-id-1f30da3ce9fdef632a86c6d0517ad83f.owl-carousel .owl-nav div.owl-prev i {\n  padding: 0px 0px 0px 0px;\n}\n.gallery-carousel-shortcode.gallery-carousel-shortcode-id-1f30da3ce9fdef632a86c6d0517ad83f.owl-carousel .owl-nav div.owl-next {\n  top: 50%;\n  transform: translateY(calc(-50% + 0px));\n  right: -43px;\n}\n@media all and (-ms-high-contrast: none) {\n  .gallery-carousel-shortcode.gallery-carousel-shortcode-id-1f30da3ce9fdef632a86c6d0517ad83f.owl-carousel .owl-nav div.owl-next {\n    transform: translateY(-50%);\n    margin-top: 0px;\n  }\n}\n.gallery-carousel-shortcode.gallery-carousel-shortcode-id-1f30da3ce9fdef632a86c6d0517ad83f.owl-carousel .owl-nav div.owl-next i {\n  padding: 0px 0px 0px 0px;\n}\n.gallery-carousel-shortcode.gallery-carousel-shortcode-id-1f30da3ce9fdef632a86c6d0517ad83f.owl-carousel .owl-nav i {\n  font-size: 18px;\n}\n.gallery-carousel-shortcode.gallery-carousel-shortcode-id-1f30da3ce9fdef632a86c6d0517ad83f.owl-carousel .owl-nav div:not(:hover) i,\n.gallery-carousel-shortcode.gallery-carousel-shortcode-id-1f30da3ce9fdef632a86c6d0517ad83f.owl-carousel .owl-nav div:not(:hover) i:before {\n  color: #ffffff;\n  background: none;\n}\n.gallery-carousel-shortcode.gallery-carousel-shortcode-id-1f30da3ce9fdef632a86c6d0517ad83f.owl-carousel .owl-nav div:hover i,\n.gallery-carousel-shortcode.gallery-carousel-shortcode-id-1f30da3ce9fdef632a86c6d0517ad83f.owl-carousel .owl-nav div:hover i:before {\n  color: rgba(255,255,255,0.75);\n  background: none;\n}\n.gallery-carousel-shortcode.gallery-carousel-shortcode-id-1f30da3ce9fdef632a86c6d0517ad83f .owl-dots {\n  top: calc(100% + 20px);\n  left: 50%;\n  transform: translateX(calc(-50% + 0px));\n}\n@media all and (-ms-high-contrast: none) {\n  .gallery-carousel-shortcode.gallery-carousel-shortcode-id-1f30da3ce9fdef632a86c6d0517ad83f .owl-dots {\n    transform: translateX(-50%);\n    margin-left: 0px;\n  }\n}\n.gallery-carousel-shortcode.gallery-carousel-shortcode-id-1f30da3ce9fdef632a86c6d0517ad83f .owl-dot {\n  width: 10px;\n  height: 10px;\n  margin: 0 8px;\n}\n@media screen and (max-width: 778px) {\n  .gallery-carousel-shortcode.gallery-carousel-shortcode-id-1f30da3ce9fdef632a86c6d0517ad83f.hide-arrows .owl-nav a {\n    display: none;\n  }\n}\n@media screen and (max-width: 778px) {\n  .gallery-carousel-shortcode.gallery-carousel-shortcode-id-1f30da3ce9fdef632a86c6d0517ad83f.reposition-arrows .owl-nav div.owl-prev {\n    top: 50%;\n    transform: translateY(calc(-50% + 0px));\n    left: 10px;\n  }\n  .gallery-carousel-shortcode.gallery-carousel-shortcode-id-1f30da3ce9fdef632a86c6d0517ad83f.reposition-arrows .owl-nav div.owl-next {\n    top: 50%;\n    transform: translateY(calc(-50% + 0px));\n    right: 10px;\n  }\n}\n@media screen and (max-width: 778px) and all and (-ms-high-contrast: none) {\n  .gallery-carousel-shortcode.gallery-carousel-shortcode-id-1f30da3ce9fdef632a86c6d0517ad83f.reposition-arrows .owl-nav div.owl-prev {\n    transform: translateY(-50%);\n    margin-top: 0px;\n  }\n}\n@media screen and (max-width: 778px) and all and (-ms-high-contrast: none) {\n  .gallery-carousel-shortcode.gallery-carousel-shortcode-id-1f30da3ce9fdef632a86c6d0517ad83f.reposition-arrows .owl-nav div.owl-next {\n    transform: translateY(-50%);\n    margin-top: 0px;\n  }\n}\n.gallery-carousel-shortcode.gallery-carousel-shortcode-id-1f30da3ce9fdef632a86c6d0517ad83f figure,\n.gallery-carousel-shortcode.gallery-carousel-shortcode-id-1f30da3ce9fdef632a86c6d0517ad83f .rollover,\n.gallery-carousel-shortcode.gallery-carousel-shortcode-id-1f30da3ce9fdef632a86c6d0517ad83f img,\n.gallery-carousel-shortcode.gallery-carousel-shortcode-id-1f30da3ce9fdef632a86c6d0517ad83f .gallery-rollover {\n  border-radius: 0px;\n}\n.gallery-carousel-shortcode.gallery-carousel-shortcode-id-1f30da3ce9fdef632a86c6d0517ad83f.enable-bg-rollover .gallery-rollover {\n  background: -webkit-linear-gradient();\n  background: linear-gradient();\n}\n.gallery-carousel-shortcode.gallery-carousel-shortcode-id-1f30da3ce9fdef632a86c6d0517ad83f.enable-img-shadow .owl-stage-outer {\n  padding: 14px 0;\n}\n.gallery-carousel-shortcode.gallery-carousel-shortcode-id-1f30da3ce9fdef632a86c6d0517ad83f.enable-bg-rollover.hover-scale figure .rollover:after {\n  background: -webkit-linear-gradient();\n  background: linear-gradient();\n}\n.gallery-carousel-shortcode.gallery-carousel-shortcode-id-1f30da3ce9fdef632a86c6d0517ad83f.gallery-shortcode .gallery-zoom-ico {\n  width: 44px;\n  height: 44px;\n  line-height: 44px;\n  border-radius: 100px;\n  margin: -22px 0 0 -22px;\n  border-width: 0px;\n}\n.dt-icon-bg-on.gallery-carousel-shortcode.gallery-carousel-shortcode-id-1f30da3ce9fdef632a86c6d0517ad83f.gallery-shortcode .gallery-zoom-ico {\n  background: rgba(255,255,255,0.3);\n  box-shadow: none;\n}\n.gallery-carousel-shortcode.gallery-carousel-shortcode-id-1f30da3ce9fdef632a86c6d0517ad83f.gallery-shortcode .gallery-zoom-ico:before,\n.gallery-carousel-shortcode.gallery-carousel-shortcode-id-1f30da3ce9fdef632a86c6d0517ad83f.gallery-shortcode .gallery-zoom-ico span {\n  font-size: 32px;\n  line-height: 44px;\n  color: #ffffff;\n  background: none;\n}<\/style><div class=\"owl-carousel gallery-carousel-shortcode gallery-shortcode  dt-gallery-container dt-owl-carousel-call gallery-carousel-shortcode-id-1f30da3ce9fdef632a86c6d0517ad83f quick-scale-img enable-bg-rollover meta-info-off dt-arrow-border-on dt-arrow-hover-border-on bullets-small-dot-stroke reposition-arrows dt-icon-bg-off arrows-bg-on disable-arrows-hover-bg arrows-hover-bg-on  vc_custom_1753614485293 hover-fade \" data-scroll-mode=\"1\" data-col-num=\"4\" data-wide-col-num=\"4\" data-laptop-col=\"4\" data-h-tablet-columns-num=\"4\" data-v-tablet-columns-num=\"3\" data-phone-columns-num=\"1\" data-col-gap=\"10\" data-stage-padding=\"0\" data-speed=\"600\" data-autoplay=\"false\" data-autoplay_speed=\"6000\" data-arrows=\"false\" data-bullet=\"false\" data-next-icon=\"icon-ar-017-r\" data-prev-icon=\"icon-ar-017-l\" data-img-shadow-size=\"12px\" data-img-shadow-spread=\"3px\"><div data-post-id=\"5285\" data-date=\"2025-07-27T13:07:01+02:00\" data-name=\"camino-de-santiago-portugues-1-1\"><figure class=\"post\"><a href=\"https:\/\/www.viajeroscanallas.es\/wp-content\/uploads\/2025\/07\/camino-de-santiago-portugues-1-1.jpg\" class=\"rollover dt-pswp-item layzr-bg\" data-large_image_width=\"1000\" data-large_image_height=\"600\" data-dt-img-description=\"\" title=\"camino-de-santiago-portugues-1-1\"><img fetchpriority=\"high\" decoding=\"async\" class=\"preload-me owl-lazy-load aspect\" src=\"data:image\/svg+xml,%3Csvg%20xmlns%3D&#39;http%3A%2F%2Fwww.w3.org%2F2000%2Fsvg&#39;%20viewBox%3D&#39;0%200%20800%20600&#39;%2F%3E\" data-src=\"https:\/\/www.viajeroscanallas.es\/wp-content\/uploads\/2025\/07\/camino-de-santiago-portugues-1-1-800x600.jpg\" data-srcset=\"https:\/\/www.viajeroscanallas.es\/wp-content\/uploads\/2025\/07\/camino-de-santiago-portugues-1-1-800x600.jpg 800w\" loading=\"eager\" style=\"--ratio: 800 \/ 600\" sizes=\"(max-width: 800px) 100vw, 800px\" alt=\"Camino de Santiago Portugu\u00e9s\" width=\"800\" height=\"600\"  \/><span class=\"gallery-rollover\"><span class=\"gallery-zoom-ico icomoon-the7-font-the7-zoom-06\"><span><\/span><\/span><\/span><\/a><\/figure><\/div><div data-post-id=\"5286\" data-date=\"2025-07-27T13:07:16+02:00\" data-name=\"camino-de-santiago-portugues-2\"><figure class=\"post\"><a href=\"https:\/\/www.viajeroscanallas.es\/wp-content\/uploads\/2025\/07\/camino-de-santiago-portugues-2.jpg\" class=\"rollover dt-pswp-item layzr-bg\" data-large_image_width=\"1000\" data-large_image_height=\"600\" data-dt-img-description=\"\" title=\"camino-de-santiago-portugues-2\"><img decoding=\"async\" class=\"preload-me owl-lazy-load aspect\" src=\"data:image\/svg+xml,%3Csvg%20xmlns%3D&#39;http%3A%2F%2Fwww.w3.org%2F2000%2Fsvg&#39;%20viewBox%3D&#39;0%200%20800%20600&#39;%2F%3E\" data-src=\"https:\/\/www.viajeroscanallas.es\/wp-content\/uploads\/2025\/07\/camino-de-santiago-portugues-2-800x600.jpg\" data-srcset=\"https:\/\/www.viajeroscanallas.es\/wp-content\/uploads\/2025\/07\/camino-de-santiago-portugues-2-800x600.jpg 800w\" loading=\"eager\" style=\"--ratio: 800 \/ 600\" sizes=\"(max-width: 800px) 100vw, 800px\" alt=\"Camino de Santiago Portugu\u00e9s\" width=\"800\" height=\"600\"  \/><span class=\"gallery-rollover\"><span class=\"gallery-zoom-ico icomoon-the7-font-the7-zoom-06\"><span><\/span><\/span><\/span><\/a><\/figure><\/div><div data-post-id=\"5287\" data-date=\"2025-07-27T13:07:36+02:00\" data-name=\"camino-de-santiago-portugues-3\"><figure class=\"post\"><a href=\"https:\/\/www.viajeroscanallas.es\/wp-content\/uploads\/2025\/07\/camino-de-santiago-portugues-3.jpg\" class=\"rollover dt-pswp-item layzr-bg\" data-large_image_width=\"1000\" data-large_image_height=\"600\" data-dt-img-description=\"\" title=\"camino-de-santiago-portugues-3\"><img decoding=\"async\" class=\"preload-me owl-lazy-load aspect\" src=\"data:image\/svg+xml,%3Csvg%20xmlns%3D&#39;http%3A%2F%2Fwww.w3.org%2F2000%2Fsvg&#39;%20viewBox%3D&#39;0%200%20800%20600&#39;%2F%3E\" data-src=\"https:\/\/www.viajeroscanallas.es\/wp-content\/uploads\/2025\/07\/camino-de-santiago-portugues-3-800x600.jpg\" data-srcset=\"https:\/\/www.viajeroscanallas.es\/wp-content\/uploads\/2025\/07\/camino-de-santiago-portugues-3-800x600.jpg 800w\" loading=\"eager\" style=\"--ratio: 800 \/ 600\" sizes=\"(max-width: 800px) 100vw, 800px\" alt=\"Camino de Santiago Portugu\u00e9s\" width=\"800\" height=\"600\"  \/><span class=\"gallery-rollover\"><span class=\"gallery-zoom-ico icomoon-the7-font-the7-zoom-06\"><span><\/span><\/span><\/span><\/a><\/figure><\/div><div data-post-id=\"5288\" data-date=\"2025-07-27T13:07:51+02:00\" data-name=\"camino-de-santiago-portugues-4\"><figure class=\"post\"><a href=\"https:\/\/www.viajeroscanallas.es\/wp-content\/uploads\/2025\/07\/camino-de-santiago-portugues-4.jpg\" class=\"rollover dt-pswp-item layzr-bg\" data-large_image_width=\"1000\" data-large_image_height=\"600\" data-dt-img-description=\"\" title=\"camino-de-santiago-portugues-4\"><img decoding=\"async\" class=\"preload-me owl-lazy-load aspect\" src=\"data:image\/svg+xml,%3Csvg%20xmlns%3D&#39;http%3A%2F%2Fwww.w3.org%2F2000%2Fsvg&#39;%20viewBox%3D&#39;0%200%20800%20600&#39;%2F%3E\" data-src=\"https:\/\/www.viajeroscanallas.es\/wp-content\/uploads\/2025\/07\/camino-de-santiago-portugues-4-800x600.jpg\" data-srcset=\"https:\/\/www.viajeroscanallas.es\/wp-content\/uploads\/2025\/07\/camino-de-santiago-portugues-4-800x600.jpg 800w\" loading=\"eager\" style=\"--ratio: 800 \/ 600\" sizes=\"(max-width: 800px) 100vw, 800px\" alt=\"Camino de Santiago Portugu\u00e9s\" width=\"800\" height=\"600\"  \/><span class=\"gallery-rollover\"><span class=\"gallery-zoom-ico icomoon-the7-font-the7-zoom-06\"><span><\/span><\/span><\/span><\/a><\/figure><\/div><\/div>\n\t<div class=\"wpb_text_column wpb_content_element  vc_custom_1701333495785\" >\n\t\t<div class=\"wpb_wrapper\">\n\t\t\t<p>No hay mejor manera que vivir el Camino de Santiago desde Baiona en grupo. La fama de nuestros grupos, ese buen rollo, las amistades que se generan, que muchos llaman \u201cfamilia\u201d y nuestro lema \u201cYou\u2019ll never walk alone\u201d (\u201cNunca caminar\u00e1s solo\u201d).<\/p>\n\n\t\t<\/div>\n\t<\/div>\n\n\t<div  class=\"wpb_single_image wpb_content_element vc_align_left  wpb_animate_when_almost_visible wpb_fadeInUp fadeInUp vc_custom_1679416433137\">\n\t\t\n\t\t<figure class=\"wpb_wrapper vc_figure\">\n\t\t\t<div class=\"vc_single_image-wrapper   vc_box_border_grey\"><img loading=\"lazy\" decoding=\"async\" width=\"1024\" height=\"274\" src=\"https:\/\/www.viajeroscanallas.es\/wp-content\/uploads\/2023\/02\/formula-5-1024x274.png\" class=\"vc_single_image-img attachment-large\" alt=\"Camino de Santiago\" title=\"Camino de Santiago\" srcset=\"https:\/\/www.viajeroscanallas.es\/wp-content\/uploads\/2023\/02\/formula-5-1024x274.png 1024w, https:\/\/www.viajeroscanallas.es\/wp-content\/uploads\/2023\/02\/formula-5-300x80.png 300w, https:\/\/www.viajeroscanallas.es\/wp-content\/uploads\/2023\/02\/formula-5-768x206.png 768w, https:\/\/www.viajeroscanallas.es\/wp-content\/uploads\/2023\/02\/formula-5-1536x411.png 1536w, https:\/\/www.viajeroscanallas.es\/wp-content\/uploads\/2023\/02\/formula-5-2048x549.png 2048w\" sizes=\"auto, (max-width: 1024px) 100vw, 1024px\"  data-dt-location=\"https:\/\/www.viajeroscanallas.es\/en\/reserva\/formula-5\/\" \/><\/div>\n\t\t<\/figure>\n\t<\/div>\n<\/div><\/div><\/div><div class=\"wpb_column vc_column_container vc_col-sm-6\"><div class=\"vc_column-inner\"><div class=\"wpb_wrapper\"><div class=\"vc_tta-container\" data-vc-action=\"collapse\"><div class=\"vc_general vc_tta vc_tta-tabs vc_tta-color-purple vc_tta-style-classic vc_tta-shape-rounded vc_tta-spacing-1 vc_tta-tabs-position-top vc_tta-controls-align-left\"><div class=\"vc_tta-tabs-container\"><ul class=\"vc_tta-tabs-list\" role=\"tablist\"><li class=\"vc_tta-tab vc_active\" data-vc-tab role=\"presentation\"><a href=\"#1674638116716-6f0e0041-f6a6\" data-vc-tabs data-vc-container=\".vc_tta\" role=\"tab\" aria-selected=\"false\" id=\"tab-1674638116716-6f0e0041-f6a6\"><i class=\"vc_tta-icon fas fa-user-edit\"><\/i><span class=\"vc_tta-title-text\">Reserva<\/span><\/a><\/li><li class=\"vc_tta-tab\" data-vc-tab role=\"presentation\"><a href=\"#1674151654327-40976421-e475\" data-vc-tabs data-vc-container=\".vc_tta\" role=\"tab\" aria-selected=\"false\" id=\"tab-1674151654327-40976421-e475\"><i class=\"vc_tta-icon far fa-calendar-check\"><\/i><span class=\"vc_tta-title-text\">Fechas disponibles<\/span><\/a><\/li><li class=\"vc_tta-tab\" data-vc-tab role=\"presentation\"><a href=\"#1674151654343-3d3d8fe5-3a46\" data-vc-tabs data-vc-container=\".vc_tta\" role=\"tab\" aria-selected=\"false\" id=\"tab-1674151654343-3d3d8fe5-3a46\"><i class=\"vc_tta-icon fas fa-atlas\"><\/i><span class=\"vc_tta-title-text\">\u00bfQu\u00e9 incluye?<\/span><\/a><\/li><\/ul><\/div><div class=\"vc_tta-panels-container\"><div class=\"vc_tta-panels\"><div class=\"vc_tta-panel vc_active\" id=\"1674638116716-6f0e0041-f6a6\" data-vc-content=\".vc_tta-panel-body\"><div class=\"vc_tta-panel-heading\"><h4 class=\"vc_tta-panel-title\"><a href=\"#1674638116716-6f0e0041-f6a6\" data-vc-accordion data-vc-container=\".vc_tta-container\"><i class=\"vc_tta-icon fas fa-user-edit\"><\/i><span class=\"vc_tta-title-text\">Reserva<\/span><\/a><\/h4><\/div><div class=\"vc_tta-panel-body\">\n\t<div class=\"wpb_text_column wpb_content_element \" >\n\t\t<div class=\"wpb_wrapper\">\n\t\t\t\n<div class=\"wpcf7 no-js\" id=\"wpcf7-f1309-o1\" lang=\"en-GB\" dir=\"ltr\" data-wpcf7-id=\"1309\">\n<div class=\"screen-reader-response\"><p role=\"status\" aria-live=\"polite\" aria-atomic=\"true\"><\/p> <ul><\/ul><\/div>\n<form action=\"\/en\/wp-json\/wp\/v2\/pages\/1305#wpcf7-f1309-o1\" method=\"post\" class=\"wpcf7-form init\" aria-label=\"Contact form\" novalidate=\"novalidate\" data-status=\"init\">\n<fieldset class=\"hidden-fields-container\"><input type=\"hidden\" name=\"_wpcf7\" value=\"1309\" \/><input type=\"hidden\" name=\"_wpcf7_version\" value=\"6.1.5\" \/><input type=\"hidden\" name=\"_wpcf7_locale\" value=\"en_GB\" \/><input type=\"hidden\" name=\"_wpcf7_unit_tag\" value=\"wpcf7-f1309-o1\" \/><input type=\"hidden\" name=\"_wpcf7_container_post\" value=\"0\" \/><input type=\"hidden\" name=\"_wpcf7_posted_data_hash\" value=\"\" \/><input type=\"hidden\" name=\"_wpcf7_recaptcha_response\" value=\"\" \/>\n<\/fieldset>\n<div class=\"label_text\">\n\t<p>Nombre y Apellidos (requirido): <span class=\"wpcf7-form-control-wrap\" data-name=\"your-name\"><input size=\"40\" maxlength=\"400\" class=\"wpcf7-form-control wpcf7-text wpcf7-validates-as-required required\" aria-required=\"true\" aria-invalid=\"false\" value=\"\" type=\"text\" name=\"your-name\" \/><\/span>\n\t<\/p>\n<\/div>\n<div class=\"column_dos form_label\">\n\t<p><label class=\"column\">Tu tel\u00e9fono (requirido): <span class=\"wpcf7-form-control-wrap\" data-name=\"your-phone\"><input size=\"40\" maxlength=\"400\" class=\"wpcf7-form-control wpcf7-tel wpcf7-validates-as-required wpcf7-text wpcf7-validates-as-tel\" aria-required=\"true\" aria-invalid=\"false\" value=\"\" type=\"tel\" name=\"your-phone\" \/><\/span> <\/label><br \/>\n<label class=\"column\">Tu correo electr\u00f3nico (requirido): <span class=\"wpcf7-form-control-wrap\" data-name=\"your-email\"><input size=\"40\" maxlength=\"400\" class=\"wpcf7-form-control wpcf7-email wpcf7-validates-as-required wpcf7-text wpcf7-validates-as-email\" aria-required=\"true\" aria-invalid=\"false\" value=\"\" type=\"email\" name=\"your-email\" \/><\/span> <\/label>\n\t<\/p>\n<\/div>\n<div class=\"column_dos\">\n\t<p><label class=\"column\">Selecciona una Fecha: <span class=\"wpcf7-form-control-wrap\" data-name=\"fechas\"><select class=\"wpcf7-form-control wpcf7-select\" aria-invalid=\"false\" name=\"fechas\"><option value=\"\" selected=\"selected\"><\/option><option value=\"21 \/ 28 Junio\">21 \/ 28 Junio<\/option><option value=\"6 \/ 13 Julio\">6 \/ 13 Julio<\/option><option value=\"14 \/ 21 Julio\">14 \/ 21 Julio<\/option><option value=\"22 \/ 29 Julio\">22 \/ 29 Julio<\/option><option value=\"3 \/ 10 Agosto\">3 \/ 10 Agosto<\/option><option value=\"9 \/ 16 Agosto\">9 \/ 16 Agosto<\/option><option value=\"16 \/ 23 Agosto\">16 \/ 23 Agosto<\/option><option value=\"23 \/ 30 Agosto\">23 \/ 30 Agosto<\/option><option value=\"6 \/ 13 Septiembre\">6 \/ 13 Septiembre<\/option><option value=\"15 \/ 22 Septiembre\">15 \/ 22 Septiembre<\/option><option value=\"No estoy seguro\">No estoy seguro<\/option><\/select><\/span><\/label><br \/>\n<label class=\"column\">N\u00famero de Personas: <span class=\"wpcf7-form-control-wrap\" data-name=\"personas\"><select class=\"wpcf7-form-control wpcf7-select\" aria-invalid=\"false\" name=\"personas\"><option value=\"\"><\/option><option value=\"1\">1<\/option><option value=\"2\">2<\/option><option value=\"3\">3<\/option><option value=\"4\">4<\/option><option value=\"5\">5<\/option><option value=\"6+\">6+<\/option><\/select><\/span><\/label>\n\t<\/p>\n<\/div>\n<div class=\"label_textarea\">\n\t<p>Comentarios: <span class=\"wpcf7-form-control-wrap\" data-name=\"your-message\"><textarea cols=\"40\" rows=\"3\" maxlength=\"2000\" class=\"wpcf7-form-control wpcf7-textarea\" aria-invalid=\"false\" name=\"your-message\"><\/textarea><\/span>\n\t<\/p>\n<\/div>\n<div class=\"label_textarea\" style=\"width: 100%;\">\n\t<p><label class=\"column\" style=\"width: 100%;\">\u00bfC\u00f3mo nos has conocido? <span class=\"wpcf7-form-control-wrap\" data-name=\"como-123\"><select class=\"wpcf7-form-control wpcf7-select wpcf7-validates-as-required\" aria-required=\"true\" aria-invalid=\"false\" name=\"como-123\"><option value=\"\">&#8212;Please choose an option&#8212;<\/option><option value=\"Buscando en Google\">Buscando en Google<\/option><option value=\"Red Social: TikTok\">Red Social: TikTok<\/option><option value=\"Red Social: Instagram\">Red Social: Instagram<\/option><option value=\"Red Social: Facebook\">Red Social: Facebook<\/option><option value=\"Recomendado por un amigo\">Recomendado por un amigo<\/option><option value=\"Otros\">Otros<\/option><\/select><\/span><\/label>\n\t<\/p>\n<\/div>\n<p><!-- url_referencia no definida -->\n<\/p>\n<p><label class=\"blanco txtgoogle\" style=\"color: #cc00cc;\">T\u00e9rmino de B\u00fasqueda que usaste en Google: (opcional)<br \/>\n<span class=\"wpcf7-form-control-wrap\" data-name=\"txtgoogle\"><input size=\"40\" maxlength=\"400\" class=\"wpcf7-form-control wpcf7-text\" aria-invalid=\"false\" value=\"\" type=\"text\" name=\"txtgoogle\" \/><\/span>\n\t\t<spam style=\"font-size: 11px;color: #cc00cc;\">Gracias por esta informaci\u00f3n tan valiosa para nosotros, si no lo recuerdas d\u00e9jalo en blanco.\n\t\t<\/spam><\/label>\n<\/p>\n<div class=\"acceptance-contacto\">\n\t<p><span class=\"wpcf7-form-control-wrap\" data-name=\"acceptance-826\"><span class=\"wpcf7-form-control wpcf7-acceptance\"><span class=\"wpcf7-list-item\"><input type=\"checkbox\" name=\"acceptance-826\" value=\"1\" aria-invalid=\"false\" \/><\/span><\/span><\/span> Acepto el tratamiento de mis datos seg\u00fan las finalidades indicadas en la informaci\u00f3n b\u00e1sica de protecci\u00f3n de datos.* Responsable: Viajeros Canallas Finalidad: Permite al usuario realizar una petici\u00f3n de consulta\/informaci\u00f3n. Puede consultar la informaci\u00f3n adicional y detallada sobre Protecci\u00f3n de Datos en las cl\u00e1usulas anexas que se encuentran en la <a href=\"https:\/\/www.viajeroscanallas.es\/politica-de-privacidad\/\" target=\"_blank\"> Pol\u00edtica de Privacidad<\/a>\n\t<\/p>\n<\/div>\n<p><input class=\"wpcf7-form-control wpcf7-submit has-spinner\" type=\"submit\" value=\"Send\" \/><br \/>\nConsulte las Fechas disponibles para el 2025 <a href=\"#1674151654327-40976421-e475\">aqu\u00ed<\/a>.\n<\/p><div class=\"wpcf7-response-output\" aria-hidden=\"true\"><\/div>\n<\/form>\n<\/div>\n\n\n\t\t<\/div>\n\t<\/div>\n<\/div><\/div><div class=\"vc_tta-panel\" id=\"1674151654327-40976421-e475\" data-vc-content=\".vc_tta-panel-body\"><div class=\"vc_tta-panel-heading\"><h4 class=\"vc_tta-panel-title\"><a href=\"#1674151654327-40976421-e475\" data-vc-accordion data-vc-container=\".vc_tta-container\"><i class=\"vc_tta-icon far fa-calendar-check\"><\/i><span class=\"vc_tta-title-text\">Fechas disponibles<\/span><\/a><\/h4><\/div><div class=\"vc_tta-panel-body\">\n\t<div class=\"wpb_text_column wpb_content_element \" >\n\t\t<div class=\"wpb_wrapper\">\n\t\t\t<div class=\"fechas-dos-columnas\"><h3>2026 Junio<\/h3><ul style='column-count: 2;'><li>22 \/ 29 Junio<\/li><\/ul><h3>2026 Julio<\/h3><ul style='column-count: 2;'><li>6 \/ 13 Julio<\/li><li>21 \/ 28 Julio<\/li><\/ul><h3>2026 Agosto<\/h3><ul style='column-count: 2;'><li>4\/ 11 Agosto<\/li><li>10 \/ 17 Agosto<\/li><li>15 \/ 22 Agosto<\/li><\/ul><h3>2026 Septiembre<\/h3><ul style='column-count: 2;'><li>6 \/ 13 Septiembre<\/li><li>14 \/ 21 Septiembre<\/li><\/ul><\/div>\n\n\t\t<\/div>\n\t<\/div>\n<\/div><\/div><div class=\"vc_tta-panel\" id=\"1674151654343-3d3d8fe5-3a46\" data-vc-content=\".vc_tta-panel-body\"><div class=\"vc_tta-panel-heading\"><h4 class=\"vc_tta-panel-title\"><a href=\"#1674151654343-3d3d8fe5-3a46\" data-vc-accordion data-vc-container=\".vc_tta-container\"><i class=\"vc_tta-icon fas fa-atlas\"><\/i><span class=\"vc_tta-title-text\">\u00bfQu\u00e9 incluye?<\/span><\/a><\/h4><\/div><div class=\"vc_tta-panel-body\"><div class=\"vc_empty_space\"   style=\"height: 22px\"><span class=\"vc_empty_space_inner\"><\/span><\/div><div class=\"standard-arrow list-divider bullet-top\"><ul>\n<li><span style=\"font-weight: 400;\">Albergues privados 8D \/ 7N en habitaciones compartidas<\/span><\/li>\n<li><span style=\"font-weight: 400;\">Media pensi\u00f3n: 6 cenas \/ 6 desayunos (no incluida la cena en Santiago de Compostela)<\/span><\/li>\n<li><span style=\"font-weight: 400;\">Credencial<\/span><\/li>\n<li>WhatsApp de contacto de tu coordinador de viaje<\/li>\n<li><span style=\"font-weight: 400;\">Recomendaciones\u00a0<\/span><\/li>\n<li><span style=\"font-weight: 400;\">Gu\u00eda Canalla para que disfrutes al m\u00e1ximo de tu experiencia<\/span><\/li>\n<li><span style=\"font-weight: 400;\">Y ya nos conoces\u2026 \u00a1haremos una sorpresa! <\/span><\/li>\n<\/ul>\n<\/div><div id=\"ultimate-heading-842669f58bd967794\" class=\"uvc-heading ult-adjust-bottom-margin ultimate-heading-842669f58bd967794 uvc-4233 precio-samll uvc-heading-default-font-sizes\" data-hspacer=\"no_spacer\"  data-halign=\"right\" style=\"text-align:right\"><div class=\"uvc-heading-spacer no_spacer\" style=\"top\"><\/div><div class=\"uvc-main-heading ult-responsive\"  data-ultimate-target='.uvc-heading.ultimate-heading-842669f58bd967794 h3'  data-responsive-json-new='{\"font-size\":\"\",\"line-height\":\"\"}' ><h3 style=\"--font-weight:theme;color:#cc00cc;margin-top:15px;margin-bottom:15px;\">Precio: 467\u20ac<\/h3><\/div><\/div><div class=\"vc_separator wpb_content_element vc_separator_align_center vc_sep_width_100 vc_sep_border_width_3 vc_sep_pos_align_center vc_separator_no_text vc_custom_1679047709522 wpb_content_element  vc_custom_1679047709522 wpb_content_element\" ><span class=\"vc_sep_holder vc_sep_holder_l\"><span style=\"border-color:#cc00cc;\" class=\"vc_sep_line\"><\/span><\/span><span class=\"vc_sep_holder vc_sep_holder_r\"><span style=\"border-color:#cc00cc;\" class=\"vc_sep_line\"><\/span><\/span>\n<\/div><\/div><\/div><\/div><\/div><\/div><\/div>\n\t<div  class=\"wpb_single_image wpb_content_element vc_align_center  wpb_animate_when_almost_visible wpb_fadeInDown fadeInDown vc_custom_1679416505588\">\n\t\t\n\t\t<figure class=\"wpb_wrapper vc_figure\">\n\t\t\t<a href=\"https:\/\/api.whatsapp.com\/send?phone=34603040475&amp;text=%C2%A1Hola!%20Quiero%20m%C3%A1s%20informaci%C3%B3n%20del%20Camino%20Portugu\u00e9s\" target=\"_self\" class=\"vc_single_image-wrapper   vc_box_border_grey rollover\" data-pretty-share=\"facebook,twitter,linkedin,pinterest,whatsapp\" rel=\"noopener\"><img loading=\"lazy\" decoding=\"async\" width=\"630\" height=\"142\" src=\"https:\/\/www.viajeroscanallas.es\/wp-content\/uploads\/2023\/02\/whatsapp-630.png\" class=\"vc_single_image-img attachment-full\" alt=\"Camino de Santiago whatsapp\" title=\"Camino de Santiago whatsapp\" srcset=\"https:\/\/www.viajeroscanallas.es\/wp-content\/uploads\/2023\/02\/whatsapp-630.png 630w, https:\/\/www.viajeroscanallas.es\/wp-content\/uploads\/2023\/02\/whatsapp-630-300x68.png 300w\" sizes=\"auto, (max-width: 630px) 100vw, 630px\"  data-dt-location=\"https:\/\/www.viajeroscanallas.es\/en\/contacto\/whatsapp-630\/\" \/><\/a>\n\t\t<\/figure>\n\t<\/div>\n<div id=\"ultimate-heading-541869f58bd969261\" class=\"uvc-heading ult-adjust-bottom-margin ultimate-heading-541869f58bd969261 uvc-9134 precio-big\" data-hspacer=\"no_spacer\"  data-halign=\"right\" style=\"text-align:right\"><div class=\"uvc-heading-spacer no_spacer\" style=\"top\"><\/div><div class=\"uvc-main-heading ult-responsive\"  data-ultimate-target='.uvc-heading.ultimate-heading-541869f58bd969261 h3'  data-responsive-json-new='{\"font-size\":\"desktop:50px;\",\"line-height\":\"\"}' ><h3 style=\"--font-weight:theme;color:#cc00cc;margin-top:25px;margin-bottom:15px;\">Precio: 467\u20ac<\/h3><\/div><\/div><\/div><\/div><\/div><\/div><div class=\"vc_row-full-width vc_clearfix\"><\/div><div data-vc-full-width=\"true\" data-vc-full-width-temp=\"true\" data-vc-full-width-init=\"false\" class=\"vc_row wpb_row vc_row-fluid vc_custom_1707424714533\"><div class=\"wpb_column vc_column_container vc_col-sm-12\"><div class=\"vc_column-inner\"><div class=\"wpb_wrapper\">\n\t<div class=\"wpb_text_column wpb_content_element  center titulgrande\" >\n\t\t<div class=\"wpb_wrapper\">\n\t\t\t<h2>Etapas Camino Portugu\u00e9s por la Costa Baiona \u2013 Santiago 124kms<\/h2>\n<p><strong>Si tienes dudas sobre el recorrido y los lugares que visitaremos durante esta ruta organizada es el momento perfecto para que eches un vistazo a nuestra particular gu\u00eda del Camino de Santiago Portugu\u00e9s por la Costa. Te contaremos todo lo que te espera durante el viaje para que est\u00e9s preparado para vivir esta emocionante aventura.<\/strong><\/p>\n<p>Uno de los aspectos m\u00e1s destacados de este Camino es la proximidad a la costa atl\u00e1ntica. A lo largo de \u00e9l, disfrutar\u00e1s de impresionantes vistas al mar, playas de arena dorada, acantilados y peque\u00f1as aldeas pesqueras durante las primeras etapas y de los bellos paisajes del interior de Galicia, donde nos uniremos con el Camino Portugu\u00e9s del interior. <\/p>\n\n\t\t<\/div>\n\t<\/div>\n<\/div><\/div><\/div><\/div><div class=\"vc_row-full-width vc_clearfix\"><\/div><!-- Row Backgrounds --><div class=\"upb_color\" data-bg-override=\"0\" data-bg-color=\"#f4f4f4\" data-fadeout=\"\" data-fadeout-percentage=\"30\" data-parallax-content=\"\" data-parallax-content-sense=\"30\" data-row-effect-mobile-disable=\"true\" data-img-parallax-mobile-disable=\"true\" data-rtl=\"false\"  data-custom-vc-row=\"\"  data-vc=\"8.7.2\"  data-is_old_vc=\"\"  data-theme-support=\"\"   data-overlay=\"false\" data-overlay-color=\"\" data-overlay-pattern=\"\" data-overlay-pattern-opacity=\"\" data-overlay-pattern-size=\"\"    ><\/div><div data-vc-full-width=\"true\" data-vc-full-width-temp=\"true\" data-vc-full-width-init=\"false\" class=\"vc_row wpb_row vc_row-fluid vc_custom_1677870073387\"><div class=\"wpb_column vc_column_container vc_col-sm-2\"><div class=\"vc_column-inner\"><div class=\"wpb_wrapper\"><div id=\"ultimate-heading-899469f58bd96b15a\" class=\"uvc-heading ult-adjust-bottom-margin ultimate-heading-899469f58bd96b15a uvc-5282 \" data-hspacer=\"line_only\"  data-halign=\"left\" style=\"text-align:left\"><div class=\"uvc-main-heading ult-responsive\"  data-ultimate-target='.uvc-heading.ultimate-heading-899469f58bd96b15a h2'  data-responsive-json-new='{\"font-size\":\"desktop:25px;tablet_portrait:20px;\",\"line-height\":\"desktop:60px;tablet_portrait:50px;\"}' ><h2 style=\"font-weight:bold;color:#cc00cc;margin-bottom:0px;\">ETAPA 1<\/h2><\/div><div class=\"uvc-heading-spacer line_only\" style=\"topheight:1px;\"><span class=\"uvc-headings-line\" style=\"border-style:solid;border-bottom-width:1px;border-color:#000000;width:autopx;\"><\/span><\/div><div class=\"uvc-sub-heading ult-responsive\"  data-ultimate-target='.uvc-heading.ultimate-heading-899469f58bd96b15a .uvc-sub-heading '  data-responsive-json-new='{\"font-size\":\"desktop:14px;\",\"line-height\":\"desktop:20px;\"}'  style=\"font-family:&#039;Roboto Slab&#039;;font-weight:normal;font-style:normal;color:#000000;margin-top:10px;\"><strong>BAIONA &#8211; VIGO (por la costa)<\/strong><br \/>\nLongitud: 25,3 km<br \/>\nDificultad: Media<br \/>\nTiempo: 6 \/ 7 horas<\/div><\/div><\/div><\/div><\/div><div class=\"wpb_column vc_column_container vc_col-sm-2\"><div class=\"vc_column-inner\"><div class=\"wpb_wrapper\"><div id=\"ultimate-heading-824869f58bd96b510\" class=\"uvc-heading ult-adjust-bottom-margin ultimate-heading-824869f58bd96b510 uvc-5718 \" data-hspacer=\"line_only\"  data-halign=\"left\" style=\"text-align:left\"><div class=\"uvc-main-heading ult-responsive\"  data-ultimate-target='.uvc-heading.ultimate-heading-824869f58bd96b510 h2'  data-responsive-json-new='{\"font-size\":\"desktop:25px;tablet_portrait:20px;\",\"line-height\":\"desktop:60px;tablet_portrait:50px;\"}' ><h2 style=\"font-weight:bold;color:#cc00cc;margin-bottom:0px;\">ETAPA 2<\/h2><\/div><div class=\"uvc-heading-spacer line_only\" style=\"topheight:1px;\"><span class=\"uvc-headings-line\" style=\"border-style:solid;border-bottom-width:1px;border-color:#000000;width:autopx;\"><\/span><\/div><div class=\"uvc-sub-heading ult-responsive\"  data-ultimate-target='.uvc-heading.ultimate-heading-824869f58bd96b510 .uvc-sub-heading '  data-responsive-json-new='{\"font-size\":\"desktop:14px;\",\"line-height\":\"desktop:20px;\"}'  style=\"font-family:&#039;Roboto Slab&#039;;font-weight:normal;font-style:normal;color:#000000;margin-top:10px;\"><strong>VIGO \u2013 REDONDELA<\/strong><br \/>\nLongitud: 16,3 km<br \/>\nDificultad: Baja<br \/>\nTiempo: 4 horas<\/div><\/div><\/div><\/div><\/div><div class=\"wpb_column vc_column_container vc_col-sm-2\"><div class=\"vc_column-inner\"><div class=\"wpb_wrapper\"><div id=\"ultimate-heading-78569f58bd96b86e\" class=\"uvc-heading ult-adjust-bottom-margin ultimate-heading-78569f58bd96b86e uvc-4172 \" data-hspacer=\"line_only\"  data-halign=\"left\" style=\"text-align:left\"><div class=\"uvc-main-heading ult-responsive\"  data-ultimate-target='.uvc-heading.ultimate-heading-78569f58bd96b86e h2'  data-responsive-json-new='{\"font-size\":\"desktop:25px;tablet_portrait:20px;\",\"line-height\":\"desktop:60px;tablet_portrait:50px;\"}' ><h2 style=\"font-weight:bold;color:#cc00cc;margin-bottom:0px;\">ETAPA 3<\/h2><\/div><div class=\"uvc-heading-spacer line_only\" style=\"topheight:1px;\"><span class=\"uvc-headings-line\" style=\"border-style:solid;border-bottom-width:1px;border-color:#000000;width:autopx;\"><\/span><\/div><div class=\"uvc-sub-heading ult-responsive\"  data-ultimate-target='.uvc-heading.ultimate-heading-78569f58bd96b86e .uvc-sub-heading '  data-responsive-json-new='{\"font-size\":\"desktop:14px;\",\"line-height\":\"desktop:20px;\"}'  style=\"font-family:&#039;Roboto Slab&#039;;font-weight:normal;font-style:normal;color:#000000;margin-top:10px;\"><strong>REDONDELA \u2013 PONTEVEDRA<\/strong><br \/>\nLongitud: 19 km<br \/>\nDificultad: Media<br \/>\nTiempo: 5 horas<\/div><\/div><\/div><\/div><\/div><div class=\"wpb_column vc_column_container vc_col-sm-2\"><div class=\"vc_column-inner\"><div class=\"wpb_wrapper\"><div id=\"ultimate-heading-537069f58bd96bbd7\" class=\"uvc-heading ult-adjust-bottom-margin ultimate-heading-537069f58bd96bbd7 uvc-4844 \" data-hspacer=\"line_only\"  data-halign=\"left\" style=\"text-align:left\"><div class=\"uvc-main-heading ult-responsive\"  data-ultimate-target='.uvc-heading.ultimate-heading-537069f58bd96bbd7 h2'  data-responsive-json-new='{\"font-size\":\"desktop:25px;tablet_portrait:20px;\",\"line-height\":\"desktop:60px;tablet_portrait:50px;\"}' ><h2 style=\"font-weight:bold;color:#cc00cc;margin-bottom:0px;\">ETAPA 4<\/h2><\/div><div class=\"uvc-heading-spacer line_only\" style=\"topheight:1px;\"><span class=\"uvc-headings-line\" style=\"border-style:solid;border-bottom-width:1px;border-color:#000000;width:autopx;\"><\/span><\/div><div class=\"uvc-sub-heading ult-responsive\"  data-ultimate-target='.uvc-heading.ultimate-heading-537069f58bd96bbd7 .uvc-sub-heading '  data-responsive-json-new='{\"font-size\":\"desktop:14px;\",\"line-height\":\"desktop:20px;\"}'  style=\"font-family:&#039;Roboto Slab&#039;;font-weight:normal;font-style:normal;color:#000000;margin-top:10px;\"><strong>PONTEVEDRA \u2013 CALDAS DE REIS<\/strong><br \/>\nLongitud: 21 km<br \/>\nDificultad: Baja<br \/>\nTiempo: 6 horas<\/div><\/div><\/div><\/div><\/div><div class=\"wpb_column vc_column_container vc_col-sm-2\"><div class=\"vc_column-inner\"><div class=\"wpb_wrapper\"><div id=\"ultimate-heading-781169f58bd96bf2b\" class=\"uvc-heading ult-adjust-bottom-margin ultimate-heading-781169f58bd96bf2b uvc-9625 \" data-hspacer=\"line_only\"  data-halign=\"left\" style=\"text-align:left\"><div class=\"uvc-main-heading ult-responsive\"  data-ultimate-target='.uvc-heading.ultimate-heading-781169f58bd96bf2b h2'  data-responsive-json-new='{\"font-size\":\"desktop:25px;tablet_portrait:20px;\",\"line-height\":\"desktop:60px;tablet_portrait:50px;\"}' ><h2 style=\"font-weight:bold;color:#cc00cc;margin-bottom:0px;\">ETAPA 5<\/h2><\/div><div class=\"uvc-heading-spacer line_only\" style=\"topheight:1px;\"><span class=\"uvc-headings-line\" style=\"border-style:solid;border-bottom-width:1px;border-color:#000000;width:autopx;\"><\/span><\/div><div class=\"uvc-sub-heading ult-responsive\"  data-ultimate-target='.uvc-heading.ultimate-heading-781169f58bd96bf2b .uvc-sub-heading '  data-responsive-json-new='{\"font-size\":\"desktop:14px;\",\"line-height\":\"desktop:20px;\"}'  style=\"font-family:&#039;Roboto Slab&#039;;font-weight:normal;font-style:normal;color:#000000;margin-top:10px;\"><strong>CALDAS DE REIS \u2013 PADR\u00d3N<\/strong><br \/>\nLongitud: 19 km<br \/>\nDificultad: Baja<br \/>\nTiempo: 5 horas<\/div><\/div><\/div><\/div><\/div><div class=\"wpb_column vc_column_container vc_col-sm-2\"><div class=\"vc_column-inner\"><div class=\"wpb_wrapper\"><div id=\"ultimate-heading-271769f58bd96c283\" class=\"uvc-heading ult-adjust-bottom-margin ultimate-heading-271769f58bd96c283 uvc-5029 \" data-hspacer=\"line_only\"  data-halign=\"left\" style=\"text-align:left\"><div class=\"uvc-main-heading ult-responsive\"  data-ultimate-target='.uvc-heading.ultimate-heading-271769f58bd96c283 h2'  data-responsive-json-new='{\"font-size\":\"desktop:25px;tablet_portrait:20px;\",\"line-height\":\"desktop:60px;tablet_portrait:50px;\"}' ><h2 style=\"font-weight:bold;color:#cc00cc;margin-bottom:0px;\">ETAPA 6<\/h2><\/div><div class=\"uvc-heading-spacer line_only\" style=\"topheight:1px;\"><span class=\"uvc-headings-line\" style=\"border-style:solid;border-bottom-width:1px;border-color:#000000;width:autopx;\"><\/span><\/div><div class=\"uvc-sub-heading ult-responsive\"  data-ultimate-target='.uvc-heading.ultimate-heading-271769f58bd96c283 .uvc-sub-heading '  data-responsive-json-new='{\"font-size\":\"desktop:14px;\",\"line-height\":\"desktop:20px;\"}'  style=\"font-family:&#039;Roboto Slab&#039;;font-weight:normal;font-style:normal;color:#000000;margin-top:10px;\"><strong>PADR\u00d3N \u2013 SANTIAGO DE COMPOSTELA<\/strong><br \/>\nLongitud: 24 km<br \/>\nDificultad: Media<br \/>\nTiempo: 6 horas<\/div><\/div><\/div><\/div><\/div><\/div><div class=\"vc_row-full-width vc_clearfix\"><\/div><!-- Row Backgrounds --><div class=\"upb_color\" data-bg-override=\"0\" data-bg-color=\"#f4f4f4\" data-fadeout=\"\" data-fadeout-percentage=\"30\" data-parallax-content=\"\" data-parallax-content-sense=\"30\" data-row-effect-mobile-disable=\"true\" data-img-parallax-mobile-disable=\"true\" data-rtl=\"false\"  data-custom-vc-row=\"\"  data-vc=\"8.7.2\"  data-is_old_vc=\"\"  data-theme-support=\"\"   data-overlay=\"false\" data-overlay-color=\"\" data-overlay-pattern=\"\" data-overlay-pattern-opacity=\"\" data-overlay-pattern-size=\"\"    ><\/div><div class=\"vc_row wpb_row vc_row-fluid vc_custom_1674154210563 vc_row-o-equal-height vc_row-o-content-top vc_row-flex\"><div class=\"wpb_column vc_column_container vc_col-sm-12 vc_col-lg-offset-0 vc_col-lg-7 vc_col-md-offset-0 vc_col-md-8\"><div class=\"vc_column-inner\"><div class=\"wpb_wrapper\">\n\t<div class=\"wpb_text_column wpb_content_element  vc_custom_1701333871164\" >\n\t\t<div class=\"wpb_wrapper\">\n\t\t\t<h2>Preguntas frecuentes sobre el Camino Portugu\u00e9s por la Costa<\/h2>\n\n\t\t<\/div>\n\t<\/div>\n<div  class=\"vc_do_toggle vc_toggle vc_toggle_round vc_toggle_color_purple  vc_toggle_size_md\"><div class=\"vc_toggle_title\"><p style=\"font-size: 16px;color: #000000;text-align: left;font-family:Roboto;font-weight:400;font-style:normal\" class=\"vc_custom_heading vc_do_custom_heading\" >\u00bfQu\u00e9 tengo que llevar al Camino Portugu\u00e9s por la Costa?<\/p><i class=\"vc_toggle_icon\"><\/i><\/div><div class=\"vc_toggle_content\"><p>Lleva solo lo imprescindible. En el Camino Portugu\u00e9s, pasaremos por muchas poblaciones y ciudades con todos los servicios, y tendr\u00e1s lavadoras industriales para poder tener tu ropa a punto para la siguiente etapa. As\u00ed que c\u00e9ntrate en llevar un buen calzado y unos buenos calcetines, un chubasquero o un poncho, un saco de dormir, y 3 \u00f3 4 mudas de cada prenda. Si quieres saber qu\u00e9 m\u00e1s <a href=\"\/que-llevar-al-camino-de-santiago\/\">llevar al Camino de Santiago<\/a>, nuestro experto te lo cuenta en este post.<\/p>\n<\/div><\/div><div  class=\"vc_do_toggle vc_toggle vc_toggle_round vc_toggle_color_purple  vc_toggle_size_md\"><div class=\"vc_toggle_title\"><p style=\"font-size: 16px;color: #000000;text-align: left;font-family:Roboto;font-weight:400;font-style:normal\" class=\"vc_custom_heading vc_do_custom_heading\" >\u00bfCu\u00e1ntas etapas tiene el Camino Portugu\u00e9s por la Costa?<\/p><i class=\"vc_toggle_icon\"><\/i><\/div><div class=\"vc_toggle_content\"><p><span style=\"font-weight: 400;\">El n\u00famero de etapas de este viaje depende de d\u00f3nde empieces el Camino Portugu\u00e9s por la Costa. En nuestro caso, comenzaremos en la ciudad de Baiona y nos llevar\u00e1 8 d\u00edas, 7 noches y 6 etapas hasta llegar hasta la Catedral de Santiago.<\/span><\/p>\n<p><span style=\"font-weight: 400;\">A continuaci\u00f3n, te presentamos un resumen de las etapas del Camino de Santiago Portugu\u00e9s por la Costa que podr\u00e1s realizar en grupo con Viajeros Canallas:<\/span><\/p>\n<p>&nbsp;<\/p>\n<p><b>D\u00eda 1: Llegada y alojamiento en Baiona<\/b><\/p>\n<p><span style=\"font-weight: 400;\">Antes de empezar el Camino de Santiago Portugu\u00e9s por la Costa os encontrar\u00e9is en la bella ciudad de Baiona. Te recomendamos que llegues por la ma\u00f1ana (o incluso si te apetece un d\u00eda antes por tu cuenta) para disfrutar de sus playas, sus calles y rincones y del castillo<\/span><span style=\"font-weight: 400;\"> de Monterreal, una impresionante fortaleza del siglo XVI que ofrece vistas panor\u00e1micas del oc\u00e9ano<\/span><span style=\"font-weight: 400;\"> y de la ruta que le rodea, antes de comenzar tu Camino de Santiago.<\/span><\/p>\n<p><span style=\"font-weight: 400;\">El primer d\u00eda ser\u00e1 para que te organices para llegar hasta Baiona y conozcas a tus compa\u00f1eros y compa\u00f1eras de viaje. No te preocupes, te facilitaremos la ubicaci\u00f3n del albergue antes del inicio del viaje a trav\u00e9s del grupo de WhatsApp.<\/span><\/p>\n<p><span style=\"font-weight: 400;\">\u00a1\u00a1Arranca la aventura!!<\/span><\/p>\n<p><b>D\u00eda 2: Etapa 1, Baiona &#8211; Vigo (por la costa)<\/b><\/p>\n<p><span style=\"font-weight: 400;\">Distancia a recorrer: 25,3 kil\u00f3metros. Tiempo estimado: 6\/7 horas. Dificultad: Media<\/span><\/p>\n<p><span style=\"font-weight: 400;\">Esta primera etapa de nuestro Camino Portugu\u00e9s por la Costa es la m\u00e1s larga de las 6 que recorreremos pero t\u00e9cnicamente es sencilla. Dejaremos atr\u00e1s Baiona cruzando el r\u00edo Bai\u00f1a por un peque\u00f1o puente, avanzaremos por el barrio de Sabar\u00eds y atravesaremos el majestuoso puente de A Ramallosa, donde no puedes dejar de disfrutar de sus bellas vistas del r\u00edo Mi\u00f1or.\u00a0<\/span><\/p>\n<p><span style=\"font-weight: 400;\">Justo despu\u00e9s, en el km 4\u20195, tendr\u00e1s que elegir entre 2 caminos: el original, que va por el interior, con m\u00e1s subidas y bajadas y un total de 27,5 kms, o el alternativo, que discurre al lado de la costa, mucho m\u00e1s llano y 2 kil\u00f3metros m\u00e1s corto. Nosotros sin duda te recomendamos este \u00faltimo, que como peculiaridad est\u00e1 se\u00f1alizado con flechas verdes en lugar de las amarillas caracter\u00edsticas del Camino. <strong>MUY IMPORTANTE<\/strong> que si eliges la ruta que va por el litoral, sigas las flechas verdes.\u00a0<\/span><\/p>\n<p><span style=\"font-weight: 400;\">Al final del puente de A Ramallosa tendremos que girar a la izquierda, paralelo al r\u00edo Mi\u00f1or hasta llegar a 3 preciosas playas: primero nos encontraremos con la extensa playa Am\u00e9rica, despu\u00e9s con Panx\u00f3n y, por \u00faltimo, con la playa de Patos, mucho m\u00e1s peque\u00f1a y tranquila.\u00a0<\/span><\/p>\n<p><span style=\"font-weight: 400;\">La etapa contin\u00faa con una subida pronunciada que nos llevar\u00e1 hasta el Camino do Porti\u00f1o y el barrio de Sai\u00e1ns, perteneciente ya a Vigo. Nuestro Camino discurrir\u00e1 al lado de la carretera hasta llegar a Oia, localidad costera, y a las playas de Canido y Vao.\u00a0<\/span><\/p>\n<p><span style=\"font-weight: 400;\">Seguiremos al lado de la costa hasta la desembocadura del r\u00edo Lagares, que atravesaremos por un peque\u00f1o puente y llegaremos a la playa de Samil. Desde este momento no veremos muchas flechas, pero no te preocupes, el Camino es muy intuitivo y siempre te llevar\u00e1 al mismo sitio: el centro de Vigo.\u00a0<\/span><\/p>\n<p><b>D\u00eda 3: Etapa 2, Vigo &#8211; Redondela\u00a0<\/b><\/p>\n<p><span style=\"font-weight: 400;\">Distancia a recorrer: 16,3 kil\u00f3metros. Tiempo estimado: 4 horas. Dificultad: Baja<\/span><\/p>\n<p><span style=\"font-weight: 400;\">En esta segunda etapa dejaremos atr\u00e1s Vigo recorriendo su arteria principal, la R\u00faa Urz\u00e1iz, hasta llegar a la Calle Toledo, donde volveremos a encontrarnos con las flechas amarillas que se\u00f1alizan el Camino de Santiago.<\/span><\/p>\n<p><span style=\"font-weight: 400;\">Poco despu\u00e9s nos encontraremos con una grata sorpresa: la Senda da Tra\u00edda das Augas. Al dejar Vigo atr\u00e1s recorreremos este precioso camino que nos ofrecer\u00e1 unas impresionantes vistas panor\u00e1micas de la R\u00eda de Vigo y caminaremos por<\/span><span style=\"font-weight: 400;\"> sendas estrechas junto a canales de agua disfrutando de la tranquilidad del bosque.<\/span><\/p>\n<p><span style=\"font-weight: 400;\">Nada m\u00e1s superar el kil\u00f3metro 10 de la ruta llegaremos al punto m\u00e1s alto del recorrido con una vista impresionante del Puente de Rande y de la bah\u00eda de San Sim\u00f3n.<\/span><\/p>\n<p><span style=\"font-weight: 400;\">Terminaremos la etapa con una bajada larga y a tramos pronunciada, cruzaremos Rande y Portela hasta llegar a Redondela, donde confluye nuestra ruta con el Camino Portugu\u00e9s del interior.<\/span><\/p>\n<p><b>D\u00eda 4: Etapa 3, Redondela &#8211; Pontevedra<\/b><\/p>\n<p><span style=\"font-weight: 400;\">Distancia a recorrer: 19 kil\u00f3metros. Tiempo estimado: 5 horas. Dificultad: Media<\/span><\/p>\n<p><span style=\"font-weight: 400;\">Esta tercera etapa est\u00e1 llena de contrastes entre bellos parajes naturales y lo urbano. Asimismo tendremos que superar tramos interesantes con un par de ascensos y descensos considerables.<\/span><\/p>\n<p><span style=\"font-weight: 400;\">Por lo que respecta a los paisajes del Camino de Santiago Portugu\u00e9s, en esta etapa disfrutaremos de unas preciosas vistas de las R\u00edas Baixas. Y si te gusta el marisco, despu\u00e9s de andar unos 7 kms, podr\u00e1s hacer una parada y degustar las famos\u00edsimas ostras de Arcade.<\/span><\/p>\n<p><span style=\"font-weight: 400;\">El tramo final de etapa es sencillo t\u00e9cnicamente y llegaremos a una ciudad llena de encanto: Pontevedra. Desde Viajeros Canallas te invitamos a perderte por sus calles empedradas y su espectacular casco antiguo.<\/span><\/p>\n<p><b>D\u00eda 5: Etapa 4, Pontevedra \u2013 Caldas De Reis<\/b><\/p>\n<p><span style=\"font-weight: 400;\">Distancia a recorrer: 23 kil\u00f3metros. Tiempo estimado: 6 horas. Dificultad: Baja<\/span><\/p>\n<p><span style=\"font-weight: 400;\">Cuando dejemos Pontevedra, cruzaremos el r\u00edo L\u00e9rez por el Puente do Burgo. El camino avanza en su totalidad junto a la carretera nacional, es una etapa sencilla, sin desniveles y que discurre constantemente por pistas de asfalto y de tierra.\u00a0<\/span><\/p>\n<p><span style=\"font-weight: 400;\">Uno de los encantos de esta etapa m\u00e1s bellos y desconocidos por los peregrinos es el Parque Natural del R\u00edo Barosa con sus majestuosas cascadas, donde podr\u00e1s darte un ba\u00f1o. Desde Viajeros Canallas te recomendamos sin duda que lo visites. Simplemente tendr\u00e1s que desviarte unos 400 metros del Camino, despu\u00e9s de pasar A Portela. \u00a1No te preocupes, est\u00e1 bien se\u00f1alizado y nosotros te lo recordaremos para que no te lo pierdas!<\/span><\/p>\n<p><span style=\"font-weight: 400;\">Y llegamos a Caldas de Reis, bella localidad <\/span><span style=\"font-weight: 400;\">conocida por sus aguas termales.<\/span><\/p>\n<p><b>D\u00eda 6: Etapa 5, Caldas De Reis \u2013 Padr\u00f3n<\/b><\/p>\n<p><span style=\"font-weight: 400;\">Distancia a recorrer: 19 kil\u00f3metros. Tiempo estimado: 5 horas. Dificultad: Baja<\/span><\/p>\n<p><span style=\"font-weight: 400;\">El tramo de Caldas de Reis a Padr\u00f3n quiz\u00e1 sea la etapa paisaj\u00edsticamente m\u00e1s interesante. Habr\u00e1 desniveles frecuentes aunque moderados. Ver\u00e1s extensos valles agr\u00edcolas y peque\u00f1as aldeas que har\u00e1n que esta etapa del Camino de Santiago Portugu\u00e9s se convierta en un recuerdo imborrable.<\/span><\/p>\n<p><span style=\"font-weight: 400;\">Al llegar a Padr\u00f3n, adem\u00e1s de pensar en d\u00f3nde comer\u00e1s unos buenos pimientos, recuerda sacarle partido a la amplia oferta cultural de la ciudad.<\/span><\/p>\n<p><b>D\u00eda 7: Etapa 6, Padr\u00f3n \u2013 Santiago De Compostela<\/b><\/p>\n<p><span style=\"font-weight: 400;\">Distancia a recorrer: 24 kil\u00f3metros. Tiempo estimado: 6 horas. Dificultad: Media.<\/span><\/p>\n<p><span style=\"font-weight: 400;\">Esta es la \u00faltima jornada de nuestra ruta por el Camino de Santiago Portugu\u00e9s. Como es l\u00f3gico, los sentimientos est\u00e1n a flor de piel. Por un lado, la alegr\u00eda por conseguir tu reto y por otro, esa tristeza de sentir que esto se acaba.<\/span><\/p>\n<p><span style=\"font-weight: 400;\">La etapa discurre por zonas de asfalto casi en su totalidad, continuando junto a la nacional N-550. No es t\u00e9cnicamente complicada y en cuanto a desniveles, destaca la moderada y algo extensa subida al Agro dos Monteiros, en O Milladoiro, que se compensa sin duda con las primeras vistas que tendremos de la ciudad de Santiago de Compostela.<\/span><\/p>\n<p><span style=\"font-weight: 400;\">Tambi\u00e9n pasaremos por Iria Flavia, la que fue la primera catedral de Galicia. Como dato curioso, en el cementerio de esta localidad, bajo un olivo, se encuentra la tumba de Camilo Jos\u00e9 Cela.<\/span><\/p>\n<p><span style=\"font-weight: 400;\">A muy pocos kil\u00f3metros de Santiago tendremos que escoger entre 2 caminos: Conxo y Santa Marta. Siempre decimos que cojais el que quer\u00e1is, pero en esta ocasi\u00f3n recomendamos que os desvieis por Santa Marta, ya que por Conxo son casi 2 kil\u00f3metros m\u00e1s. Recuerda tener siempre presente que ya te falta poco para poder disfrutar de la majestuosidad de la Catedral compostelana. Lo hemos conseguido. \u00a1Felicidades peregrin@!<\/span><\/p>\n<p><b>D\u00eda 8: Despedida<\/b><\/p>\n<\/div><\/div><div  class=\"vc_do_toggle vc_toggle vc_toggle_round vc_toggle_color_purple  vc_toggle_size_md\"><div class=\"vc_toggle_title\"><p style=\"font-size: 16px;color: #000000;text-align: left;font-family:Roboto;font-weight:400;font-style:normal\" class=\"vc_custom_heading vc_do_custom_heading\" >\u00bfC\u00f3mo funciona el servicio de transporte de mochilas en el Camino Portugu\u00e9s?<\/p><i class=\"vc_toggle_icon\"><\/i><\/div><div class=\"vc_toggle_content\"><p>Hay peregrinos que deciden llevar su mochila todas las etapas, y otros que prefieren contratar el servicio de traslado de equipaje. Si este es tu caso, no tendr\u00e1s que preocuparte de nada ni avisarlo con antelaci\u00f3n. El primer d\u00eda de viaje podr\u00e1s contratarlo por un coste de 35\u20ac, que te incluir\u00e1 el traslado las 5 etapas. Puedes llevar mochila o maleta de cabina, que no podr\u00e1 exceder de 8 kg de peso. Tu equipaje lo dejar\u00e1s cada ma\u00f1ana al despertarte y lo tendr\u00e1s en tu albergue de destino.<\/p>\n<\/div><\/div><div class=\"vc_empty_space\"   style=\"height: 32px\"><span class=\"vc_empty_space_inner\"><\/span><\/div><div class=\" ubtn-ctn-left \"><a class=\"ubtn-link ult-adjust-bottom-margin ubtn-left ubtn-large \" href=\"\/faq\/#caminoportugues\" ><button type=\"button\" id=\"ubtn-3021\"  class=\"ubtn ult-adjust-bottom-margin ult-responsive ubtn-large ubtn-no-hover-bg  none  ubtn-sep-icon ubtn-sep-icon-at-left  ubtn-left   tooltip-69f58bd96f1c2\"  data-hover=\"\" data-border-color=\"\" data-bg=\"#cc00cc\" data-hover-bg=\"\" data-border-hover=\"\" data-shadow-hover=\"\" data-shadow-click=\"none\" data-shadow=\"\" data-shd-shadow=\"\"  data-ultimate-target='#ubtn-3021'  data-responsive-json-new='{\"font-size\":\"desktop:16px;\",\"line-height\":\"\"}'  style=\"font-weight:normal;border:none;background: #cc00cc;color: #ffffff;\"><span class=\"ubtn-data ubtn-icon\"><i class=\"icomoon-the7-font-the7-arrow-29\" style=\"font-size:16px;color:;\"><\/i><\/span><span class=\"ubtn-hover\" style=\"background-color:\"><\/span><span class=\"ubtn-data ubtn-text \" >\u00bfTienes m\u00e1s preguntas? Entra aqu\u00ed<\/span><\/button><\/a><\/div><\/div><\/div><\/div><div class=\"wpb_column vc_column_container vc_col-sm-3 vc_col-lg-5 vc_col-md-4 vc_hidden-sm vc_hidden-xs\"><div class=\"vc_column-inner\"><div class=\"wpb_wrapper\"><div class=\"vc_row wpb_row vc_inner vc_row-fluid vc_custom_1492534022588 vc_row-o-equal-height vc_row-o-content-middle vc_row-flex\"><div class=\"wpb_column vc_column_container vc_col-sm-12 vc_col-lg-6 vc_col-md-12 vc_hidden-md vc_hidden-sm vc_hidden-xs\"><div class=\"vc_column-inner vc_custom_1492684282926\"><div class=\"wpb_wrapper\"><style type=\"text\/css\" data-type=\"the7_shortcodes-inline-css\">.shortcode-single-image-wrap.shortcode-single-image-f59d6f710c19aabe0c37c68282f1dc5f.enable-bg-rollover .rollover i,\n.shortcode-single-image-wrap.shortcode-single-image-f59d6f710c19aabe0c37c68282f1dc5f.enable-bg-rollover .rollover-video i {\n  background: -webkit-linear-gradient();\n  background: linear-gradient();\n}\n.shortcode-single-image-wrap.shortcode-single-image-f59d6f710c19aabe0c37c68282f1dc5f .rollover-icon {\n  font-size: 32px;\n  color: #ffffff;\n  min-width: 44px;\n  min-height: 44px;\n  line-height: 44px;\n  border-radius: 100px;\n  border-style: solid;\n  border-width: 0px;\n}\n.dt-icon-bg-on.shortcode-single-image-wrap.shortcode-single-image-f59d6f710c19aabe0c37c68282f1dc5f .rollover-icon {\n  background: rgba(255,255,255,0.3);\n  box-shadow: none;\n}<\/style><div class=\"shortcode-single-image-wrap shortcode-single-image-f59d6f710c19aabe0c37c68282f1dc5f alignnone  vc_custom_1677867144542 enable-bg-rollover dt-icon-bg-off\"  data-pretty-share=\"facebook,twitter,linkedin,pinterest,whatsapp\"><div class=\"shortcode-single-image\"><div class=\"fancy-media-wrap  layzr-bg\" style=\"\"><img decoding=\"async\" class=\"preload-me lazy-load aspect\" src=\"data:image\/svg+xml,%3Csvg%20xmlns%3D&#39;http%3A%2F%2Fwww.w3.org%2F2000%2Fsvg&#39;%20viewBox%3D&#39;0%200%20480%20480&#39;%2F%3E\" data-src=\"https:\/\/www.viajeroscanallas.es\/wp-content\/uploads\/2023\/02\/hoteles-camino-de-santiago-portugues-por-la-costa-640x480-1-480x480.jpg\" data-srcset=\"https:\/\/www.viajeroscanallas.es\/wp-content\/uploads\/2023\/02\/hoteles-camino-de-santiago-portugues-por-la-costa-640x480-1-480x480.jpg 480w\" loading=\"eager\" sizes=\"(max-width: 480px) 100vw, 480px\" width=\"480\" height=\"480\"  data-dt-location=\"https:\/\/www.viajeroscanallas.es\/en\/preguntas-frecuentes-faq\/hoteles-camino-de-santiago-portugues-por-la-costa-640x480\/\" style=\"--ratio: 480 \/ 480;\" alt=\"Camino de Santiago Portug\u00e9s\" \/><\/div><\/div><\/div><\/div><\/div><\/div><div class=\"wpb_column vc_column_container vc_col-sm-12 vc_col-lg-6 vc_col-md-12\"><div class=\"vc_column-inner vc_custom_1492535000770\"><div class=\"wpb_wrapper\"><style type=\"text\/css\" data-type=\"the7_shortcodes-inline-css\">.shortcode-single-image-wrap.shortcode-single-image-9aecb6cae6f38bf0d55ff2cd38a0270b.enable-bg-rollover .rollover i,\n.shortcode-single-image-wrap.shortcode-single-image-9aecb6cae6f38bf0d55ff2cd38a0270b.enable-bg-rollover .rollover-video i {\n  background: -webkit-linear-gradient();\n  background: linear-gradient();\n}\n.shortcode-single-image-wrap.shortcode-single-image-9aecb6cae6f38bf0d55ff2cd38a0270b .rollover-icon {\n  font-size: 32px;\n  color: #ffffff;\n  min-width: 44px;\n  min-height: 44px;\n  line-height: 44px;\n  border-radius: 100px;\n  border-style: solid;\n  border-width: 0px;\n}\n.dt-icon-bg-on.shortcode-single-image-wrap.shortcode-single-image-9aecb6cae6f38bf0d55ff2cd38a0270b .rollover-icon {\n  background: rgba(255,255,255,0.3);\n  box-shadow: none;\n}<\/style><div class=\"shortcode-single-image-wrap shortcode-single-image-9aecb6cae6f38bf0d55ff2cd38a0270b alignleft  vc_custom_1677867156887 enable-bg-rollover dt-icon-bg-off\"  data-pretty-share=\"facebook,twitter,linkedin,pinterest,whatsapp\"><div class=\"shortcode-single-image\"><div class=\"fancy-media-wrap  layzr-bg\" style=\"\"><img decoding=\"async\" class=\"preload-me lazy-load aspect\" src=\"data:image\/svg+xml,%3Csvg%20xmlns%3D&#39;http%3A%2F%2Fwww.w3.org%2F2000%2Fsvg&#39;%20viewBox%3D&#39;0%200%20500%20500&#39;%2F%3E\" data-src=\"https:\/\/www.viajeroscanallas.es\/wp-content\/uploads\/2023\/02\/Camino_Portugues-500x500.jpg\" data-srcset=\"https:\/\/www.viajeroscanallas.es\/wp-content\/uploads\/2023\/02\/Camino_Portugues-500x500.jpg 500w, https:\/\/www.viajeroscanallas.es\/wp-content\/uploads\/2023\/02\/Camino_Portugues-505x505.jpg 505w\" loading=\"eager\" sizes=\"(max-width: 500px) 100vw, 500px\" width=\"500\" height=\"500\"  data-dt-location=\"https:\/\/www.viajeroscanallas.es\/en\/preguntas-frecuentes-faq\/camino_portugues\/\" style=\"--ratio: 500 \/ 500;\" alt=\"Camino de Santiago Portug\u00e9s\" \/><\/div><\/div><\/div><\/div><\/div><\/div><div class=\"wpb_column vc_column_container vc_col-sm-12 vc_col-lg-6 vc_col-md-12 vc_hidden-md vc_hidden-sm vc_hidden-xs\"><div class=\"vc_column-inner vc_custom_1492684376867\"><div class=\"wpb_wrapper\"><style type=\"text\/css\" data-type=\"the7_shortcodes-inline-css\">.shortcode-single-image-wrap.shortcode-single-image-09cac3671d968c007faa6e64bfa1caf7.enable-bg-rollover .rollover i,\n.shortcode-single-image-wrap.shortcode-single-image-09cac3671d968c007faa6e64bfa1caf7.enable-bg-rollover .rollover-video i {\n  background: -webkit-linear-gradient();\n  background: linear-gradient();\n}\n.shortcode-single-image-wrap.shortcode-single-image-09cac3671d968c007faa6e64bfa1caf7 .rollover-icon {\n  font-size: 32px;\n  color: #ffffff;\n  min-width: 44px;\n  min-height: 44px;\n  line-height: 44px;\n  border-radius: 100px;\n  border-style: solid;\n  border-width: 0px;\n}\n.dt-icon-bg-on.shortcode-single-image-wrap.shortcode-single-image-09cac3671d968c007faa6e64bfa1caf7 .rollover-icon {\n  background: rgba(255,255,255,0.3);\n  box-shadow: none;\n}<\/style><div class=\"shortcode-single-image-wrap shortcode-single-image-09cac3671d968c007faa6e64bfa1caf7 alignleft  vc_custom_1677867166313 enable-bg-rollover dt-icon-bg-off\"  data-pretty-share=\"facebook,twitter,linkedin,pinterest,whatsapp\"><div class=\"shortcode-single-image\"><div class=\"fancy-media-wrap  layzr-bg\" style=\"\"><img decoding=\"async\" class=\"preload-me lazy-load aspect\" src=\"data:image\/svg+xml,%3Csvg%20xmlns%3D&#39;http%3A%2F%2Fwww.w3.org%2F2000%2Fsvg&#39;%20viewBox%3D&#39;0%200%20500%20500&#39;%2F%3E\" data-src=\"https:\/\/www.viajeroscanallas.es\/wp-content\/uploads\/2023\/02\/Camino-de-Santiago-Portugues-\u2013-Etapa-1-19-500x500.jpg\" data-srcset=\"https:\/\/www.viajeroscanallas.es\/wp-content\/uploads\/2023\/02\/Camino-de-Santiago-Portugues-\u2013-Etapa-1-19-500x500.jpg 500w, https:\/\/www.viajeroscanallas.es\/wp-content\/uploads\/2023\/02\/Camino-de-Santiago-Portugues-\u2013-Etapa-1-19-928x928.jpg 928w\" loading=\"eager\" sizes=\"(max-width: 500px) 100vw, 500px\" width=\"500\" height=\"500\"  data-dt-location=\"https:\/\/www.viajeroscanallas.es\/en\/preguntas-frecuentes-faq\/camino-de-santiago-portugues-etapa-1-19\/\" style=\"--ratio: 500 \/ 500;\" alt=\"Camino de Santiago Portug\u00e9s\" \/><\/div><\/div><\/div><\/div><\/div><\/div><div class=\"wpb_column vc_column_container vc_col-sm-12 vc_col-lg-6 vc_col-md-12\"><div class=\"vc_column-inner vc_custom_1492684328413\"><div class=\"wpb_wrapper\"><style type=\"text\/css\" data-type=\"the7_shortcodes-inline-css\">.shortcode-single-image-wrap.shortcode-single-image-e11f1c86a5d3017795c874c224fdc766.enable-bg-rollover .rollover i,\n.shortcode-single-image-wrap.shortcode-single-image-e11f1c86a5d3017795c874c224fdc766.enable-bg-rollover .rollover-video i {\n  background: -webkit-linear-gradient();\n  background: linear-gradient();\n}\n.shortcode-single-image-wrap.shortcode-single-image-e11f1c86a5d3017795c874c224fdc766 .rollover-icon {\n  font-size: 32px;\n  color: #ffffff;\n  min-width: 44px;\n  min-height: 44px;\n  line-height: 44px;\n  border-radius: 100px;\n  border-style: solid;\n  border-width: 0px;\n}\n.dt-icon-bg-on.shortcode-single-image-wrap.shortcode-single-image-e11f1c86a5d3017795c874c224fdc766 .rollover-icon {\n  background: rgba(255,255,255,0.3);\n  box-shadow: none;\n}<\/style><div class=\"shortcode-single-image-wrap shortcode-single-image-e11f1c86a5d3017795c874c224fdc766 alignnone  vc_custom_1677867178919 enable-bg-rollover dt-icon-bg-off\"  data-pretty-share=\"facebook,twitter,linkedin,pinterest,whatsapp\"><div class=\"shortcode-single-image\"><div class=\"fancy-media-wrap  layzr-bg\" style=\"\"><img decoding=\"async\" class=\"preload-me lazy-load aspect\" src=\"data:image\/svg+xml,%3Csvg%20xmlns%3D&#39;http%3A%2F%2Fwww.w3.org%2F2000%2Fsvg&#39;%20viewBox%3D&#39;0%200%20500%20500&#39;%2F%3E\" data-src=\"https:\/\/www.viajeroscanallas.es\/wp-content\/uploads\/2023\/02\/El-Camino-Portugues-Camino-de-Santiago-e1619548245935-500x500.jpg\" data-srcset=\"https:\/\/www.viajeroscanallas.es\/wp-content\/uploads\/2023\/02\/El-Camino-Portugues-Camino-de-Santiago-e1619548245935-500x500.jpg 500w, https:\/\/www.viajeroscanallas.es\/wp-content\/uploads\/2023\/02\/El-Camino-Portugues-Camino-de-Santiago-e1619548245935-675x675.jpg 675w\" loading=\"eager\" sizes=\"(max-width: 500px) 100vw, 500px\" width=\"500\" height=\"500\"  data-dt-location=\"https:\/\/www.viajeroscanallas.es\/en\/preguntas-frecuentes-faq\/el-camino-portugues-camino-de-santiago-e1619548245935\/\" style=\"--ratio: 500 \/ 500;\" alt=\"Camino de Santiago Portug\u00e9s\" \/><\/div><\/div><\/div><\/div><\/div><\/div><\/div><\/div><\/div><\/div><\/div><div data-vc-full-width=\"true\" data-vc-full-width-temp=\"true\" data-vc-full-width-init=\"false\" class=\"vc_row wpb_row vc_row-fluid bglogo_fixed vc_custom_1675866602622 vc_row-o-equal-height vc_row-o-content-middle vc_row-flex\"><div class=\"wpb_column vc_column_container vc_col-sm-8 vc_col-lg-8 vc_col-md-8\"><div class=\"vc_column-inner vc_custom_1675856497547\"><div class=\"wpb_wrapper\">\n\t<div class=\"wpb_raw_code wpb_raw_html wpb_content_element\" >\n\t\t<div class=\"wpb_wrapper\">\n\t\t\t<p class=\"cta-titulo1\">Viajeros Canallas<\/p>\n<p class=\"cta-titulo2\">Viaja y Divi\u00e9rtete, empresa l\u00edder del Camino de Santiago<\/p>\n\t\t<\/div>\n\t<\/div>\n<\/div><\/div><\/div><div class=\"wpb_column vc_column_container vc_col-sm-4 vc_col-lg-4 vc_col-md-4\"><div class=\"vc_column-inner vc_custom_1575463219104\"><div class=\"wpb_wrapper\"><div id=\"ultimate-heading-783469f58bd983f38\" class=\"uvc-heading ult-adjust-bottom-margin ultimate-heading-783469f58bd983f38 uvc-5596 \" data-hspacer=\"no_spacer\"  data-halign=\"center\" style=\"text-align:center\"><div class=\"uvc-heading-spacer no_spacer\" style=\"top\"><\/div><div class=\"uvc-main-heading ult-responsive\"  data-ultimate-target='.uvc-heading.ultimate-heading-783469f58bd983f38 h2'  data-responsive-json-new='{\"font-size\":\"desktop:24px;\",\"line-height\":\"desktop:34px;\"}' ><h2 style=\"font-weight:bold;color:#ffffff;\">(+34) 603 04 04 75<\/h2><\/div><div class=\"uvc-sub-heading ult-responsive\"  data-ultimate-target='.uvc-heading.ultimate-heading-783469f58bd983f38 .uvc-sub-heading '  data-responsive-json-new='{\"font-size\":\"desktop:20px;\",\"line-height\":\"desktop:30px;\"}'  style=\"font-weight:normal;color:#ffffff;margin-bottom:30px;\">info@viajeroscanallas.es<\/div><\/div><style type=\"text\/css\" data-type=\"the7_shortcodes-inline-css\">#default-btn-7a93237a33b6c32583cb8c10f1bed5ca {\n  border-radius: 100px;\n  font-size: 20px;\n  line-height: 22px;\n}\n.btn-shadow#default-btn-7a93237a33b6c32583cb8c10f1bed5ca {\n  box-shadow: 0 1px 6px rgba(0,0,0,0.12);\n  transition: box-shadow 0.2s ease-out, opacity 0.45s;\n}\n.btn-shadow#default-btn-7a93237a33b6c32583cb8c10f1bed5ca:hover {\n  box-shadow: 0 5px 11px 0 rgba(0,0,0,0.18), 0 4px 15px 0 rgba(0,0,0,0.15);\n}\n.btn-3d#default-btn-7a93237a33b6c32583cb8c10f1bed5ca {\n  box-shadow: 0px 2px 0px 0px #094416;\n}\n.btn-3d#default-btn-7a93237a33b6c32583cb8c10f1bed5ca:hover {\n  box-shadow: 0px 2px 0px 0px rgba(224,224,224,0.05);\n}\n.btn-flat#default-btn-7a93237a33b6c32583cb8c10f1bed5ca {\n  box-shadow: none;\n}\n.btn-flat#default-btn-7a93237a33b6c32583cb8c10f1bed5ca:hover {\n  box-shadow: none;\n}\n#default-btn-7a93237a33b6c32583cb8c10f1bed5ca.ico-right-side > i {\n  margin-right: 0px;\n  margin-left: 8px;\n}\n#default-btn-7a93237a33b6c32583cb8c10f1bed5ca > i {\n  margin-right: 8px;\n  font-size: 20px;\n}\n#default-btn-7a93237a33b6c32583cb8c10f1bed5ca:not(:hover) {\n  border-width: 3px;\n  border-color: #028821 !important;\n  color: #ffffff;\n  background: #028821 !important;\n  padding: 16px 10px 16px 10px;\n}\n#default-btn-7a93237a33b6c32583cb8c10f1bed5ca:not(:hover) * {\n  color: #ffffff;\n}\n#default-btn-7a93237a33b6c32583cb8c10f1bed5ca:hover {\n  border-width: 3px;\n  border-color: rgba(255,255,255,0.45) !important;\n  color: #ffffff;\n  background: rgba(255,255,255,0.05) !important;\n  padding: 16px 10px 16px 10px;\n}\n#default-btn-7a93237a33b6c32583cb8c10f1bed5ca:hover * {\n  color: #ffffff;\n}\n#default-btn-7a93237a33b6c32583cb8c10f1bed5ca.ico-right-side > i {\n  margin-right: 0px;\n  margin-left: 8px;\n}\n#default-btn-7a93237a33b6c32583cb8c10f1bed5ca > i {\n  margin-right: 8px;\n}<\/style><div class=\"btn-align-center\"><a href=\"https:\/\/api.whatsapp.com\/send?phone=34603040475&amp;text=%C2%A1Hola!%20Quiero%20m%C3%A1s%20informaci%C3%B3n%20del%20Camino%20de%20Santiago\" class=\"default-btn-shortcode dt-btn link-hover-off ico-right-side btn-flat \" target=\"_blank\" id=\"default-btn-7a93237a33b6c32583cb8c10f1bed5ca\" style=\"width:240px;\" rel=\"noopener\"><span>Whatsapp<\/span><i class=\"icomoon-the7-font-whatsapp\"><\/i><\/a><\/div><\/div><\/div><\/div><\/div><div class=\"vc_row-full-width vc_clearfix\"><\/div><!-- Row Backgrounds --><div class=\"upb_color\" data-bg-override=\"0\" data-bg-color=\"#9b00b4\" data-fadeout=\"\" data-fadeout-percentage=\"30\" data-parallax-content=\"\" data-parallax-content-sense=\"30\" data-row-effect-mobile-disable=\"true\" data-img-parallax-mobile-disable=\"true\" data-rtl=\"false\"  data-custom-vc-row=\"\"  data-vc=\"8.7.2\"  data-is_old_vc=\"\"  data-theme-support=\"\"   data-overlay=\"false\" data-overlay-color=\"\" data-overlay-pattern=\"\" data-overlay-pattern-opacity=\"\" data-overlay-pattern-size=\"\"    data-seperator=\"true\"  data-seperator-type=\"curve_up_seperator\"  data-seperator-shape-size=\"40\"  data-seperator-svg-height=\"55\"  data-seperator-full-width=\"true\" data-seperator-position=\"top_bottom_seperator\"  data-seperator-background-color=\"#ffffff\"  data-icon=\"\"  ><\/div><div class=\"vc_row wpb_row vc_row-fluid\"><div class=\"wpb_column vc_column_container vc_col-sm-12\"><div class=\"vc_column-inner\"><div class=\"wpb_wrapper\">\n\t<div class=\"wpb_raw_code wpb_raw_js\" >\n\t\t<div class=\"wpb_wrapper\">\n\t\t\t<script> function blinkElement() {\n  var element = document.querySelector('li.vc_tta-tab a[href=\"#1674151654327-40976421-e475\"]');\n  var isActive = element.parentElement.classList.contains('vc_active');\n\n  if (isActive) {\n    element.style.borderColor = '#f0f0f0';\n    element.style.backgroundColor = '#f8f8f8';\n    element.style.color = '#666';\n  } else {\n    if (element.style.backgroundColor === 'rgb(234, 13, 235)') {\n      element.style.backgroundColor = '#00dd69';\n      element.style.color = '#000000'; \/\/ Cambia el color de fuente a negro\n      element.style.borderColor = '#00dd69'; \/\/ Cambia el color del borde a #ea0deb\n    } else {\n      element.style.backgroundColor = '#ea0deb';\n      element.style.color = '#ffffff'; \/\/ Cambia el color de fuente a blanco\n      element.style.borderColor = '#ea0deb'; \/\/ Cambia el color del borde a #00dd69\n    }\n  }\n\n  setTimeout(blinkElement, 500); \/\/ Cambia el intervalo de tiempo aqu\u00ed (500ms = 0.5 segundos)\n}\n\nblinkElement();\n<\/script>\n\t\t<\/div>\n\t<\/div>\n<\/div><\/div><\/div><\/div>\n<\/div>","protected":false},"excerpt":{"rendered":"<p>Portuguese Way of St. James along the Coast The Portuguese Way along the Coast from Baiona is one of the most picturesque and beautiful routes of the Way of St. James, as it combines the beauty of its forests, villages and towns with the immensity of the sea and its coastal landscapes. We will start the adventure in the spectacular town of...<\/p>","protected":false},"author":1,"featured_media":2412,"parent":0,"menu_order":0,"comment_status":"closed","ping_status":"closed","template":"","meta":{"footnotes":""},"class_list":["post-1305","page","type-page","status-publish","has-post-thumbnail","hentry","description-off"],"_links":{"self":[{"href":"https:\/\/www.viajeroscanallas.es\/en\/wp-json\/wp\/v2\/pages\/1305","targetHints":{"allow":["GET"]}}],"collection":[{"href":"https:\/\/www.viajeroscanallas.es\/en\/wp-json\/wp\/v2\/pages"}],"about":[{"href":"https:\/\/www.viajeroscanallas.es\/en\/wp-json\/wp\/v2\/types\/page"}],"author":[{"embeddable":true,"href":"https:\/\/www.viajeroscanallas.es\/en\/wp-json\/wp\/v2\/users\/1"}],"replies":[{"embeddable":true,"href":"https:\/\/www.viajeroscanallas.es\/en\/wp-json\/wp\/v2\/comments?post=1305"}],"version-history":[{"count":4,"href":"https:\/\/www.viajeroscanallas.es\/en\/wp-json\/wp\/v2\/pages\/1305\/revisions"}],"predecessor-version":[{"id":5637,"href":"https:\/\/www.viajeroscanallas.es\/en\/wp-json\/wp\/v2\/pages\/1305\/revisions\/5637"}],"wp:featuredmedia":[{"embeddable":true,"href":"https:\/\/www.viajeroscanallas.es\/en\/wp-json\/wp\/v2\/media\/2412"}],"wp:attachment":[{"href":"https:\/\/www.viajeroscanallas.es\/en\/wp-json\/wp\/v2\/media?parent=1305"}],"curies":[{"name":"wp","href":"https:\/\/api.w.org\/{rel}","templated":true}]}}